{"id":225,"date":"2022-08-18T04:25:35","date_gmt":"2022-08-18T04:25:35","guid":{"rendered":"https:\/\/oncohem.com.ec\/?page_id=225"},"modified":"2022-08-18T04:32:04","modified_gmt":"2022-08-18T04:32:04","slug":"dr-carlos-freire","status":"publish","type":"page","link":"https:\/\/oncohem.com.ec\/index.php\/dr-carlos-freire\/","title":{"rendered":"Dr. Carlos Freire"},"content":{"rendered":"\t\t<div data-elementor-type=\"wp-page\" data-elementor-id=\"225\" class=\"elementor elementor-225\">\n\t\t\t\t\t\t\t\t\t<section class=\"elementor-section elementor-top-section elementor-element elementor-element-4444fa5 elementor-section-boxed elementor-section-height-default elementor-section-height-default\" data-id=\"4444fa5\" data-element_type=\"section\">\n\t\t\t\t\t\t<div class=\"elementor-container elementor-column-gap-default\">\n\t\t\t\t\t<div class=\"elementor-column elementor-col-50 elementor-top-column elementor-element elementor-element-c07a2d1\" data-id=\"c07a2d1\" data-element_type=\"column\">\n\t\t\t<div class=\"elementor-widget-wrap elementor-element-populated\">\n\t\t\t\t\t\t\t\t<div class=\"elementor-element elementor-element-dd54ad6 elementor-widget elementor-widget-image\" data-id=\"dd54ad6\" data-element_type=\"widget\" data-widget_type=\"image.default\">\n\t\t\t\t<div class=\"elementor-widget-container\">\n\t\t\t<style>\/*! elementor - v3.7.2 - 21-08-2022 *\/\n.elementor-widget-image{text-align:center}.elementor-widget-image a{display:inline-block}.elementor-widget-image a img[src$=\".svg\"]{width:48px}.elementor-widget-image img{vertical-align:middle;display:inline-block}<\/style>\t\t\t\t\t\t\t\t\t\t\t\t<img loading=\"lazy\" decoding=\"async\" width=\"200\" height=\"300\" src=\"https:\/\/oncohem.com.ec\/wp-content\/uploads\/2022\/08\/Quality_11-200x300.jpg\" class=\"attachment-medium size-medium\" alt=\"\" srcset=\"https:\/\/oncohem.com.ec\/wp-content\/uploads\/2022\/08\/Quality_11-200x300.jpg 200w, https:\/\/oncohem.com.ec\/wp-content\/uploads\/2022\/08\/Quality_11-684x1024.jpg 684w, https:\/\/oncohem.com.ec\/wp-content\/uploads\/2022\/08\/Quality_11-768x1150.jpg 768w, https:\/\/oncohem.com.ec\/wp-content\/uploads\/2022\/08\/Quality_11-1025x1536.jpg 1025w, https:\/\/oncohem.com.ec\/wp-content\/uploads\/2022\/08\/Quality_11-1367x2048.jpg 1367w, https:\/\/oncohem.com.ec\/wp-content\/uploads\/2022\/08\/Quality_11-scaled.jpg 1709w\" sizes=\"auto, (max-width: 200px) 100vw, 200px\" \/>\t\t\t\t\t\t\t\t\t\t\t\t\t\t\t<\/div>\n\t\t\t\t<\/div>\n\t\t\t\t\t<\/div>\n\t\t<\/div>\n\t\t\t\t<div class=\"elementor-column elementor-col-50 elementor-top-column elementor-element elementor-element-7ee856b\" data-id=\"7ee856b\" data-element_type=\"column\">\n\t\t\t<div class=\"elementor-widget-wrap elementor-element-populated\">\n\t\t\t\t\t\t\t\t<div class=\"elementor-element elementor-element-b5b0c6c elementor-widget elementor-widget-heading\" data-id=\"b5b0c6c\" data-element_type=\"widget\" data-widget_type=\"heading.default\">\n\t\t\t\t<div class=\"elementor-widget-container\">\n\t\t\t<style>\/*! elementor - v3.7.2 - 21-08-2022 *\/\n.elementor-heading-title{padding:0;margin:0;line-height:1}.elementor-widget-heading .elementor-heading-title[class*=elementor-size-]>a{color:inherit;font-size:inherit;line-height:inherit}.elementor-widget-heading .elementor-heading-title.elementor-size-small{font-size:15px}.elementor-widget-heading .elementor-heading-title.elementor-size-medium{font-size:19px}.elementor-widget-heading .elementor-heading-title.elementor-size-large{font-size:29px}.elementor-widget-heading .elementor-heading-title.elementor-size-xl{font-size:39px}.elementor-widget-heading .elementor-heading-title.elementor-size-xxl{font-size:59px}<\/style><h2 class=\"elementor-heading-title elementor-size-default\">Dr. Carlos Freire Alprecht<\/h2>\t\t<\/div>\n\t\t\t\t<\/div>\n\t\t\t\t<div class=\"elementor-element elementor-element-873d3e8 elementor-widget elementor-widget-text-editor\" data-id=\"873d3e8\" data-element_type=\"widget\" data-widget_type=\"text-editor.default\">\n\t\t\t\t<div class=\"elementor-widget-container\">\n\t\t\t<style>\/*! elementor - v3.7.2 - 21-08-2022 *\/\n.elementor-widget-text-editor.elementor-drop-cap-view-stacked .elementor-drop-cap{background-color:#818a91;color:#fff}.elementor-widget-text-editor.elementor-drop-cap-view-framed .elementor-drop-cap{color:#818a91;border:3px solid;background-color:transparent}.elementor-widget-text-editor:not(.elementor-drop-cap-view-default) .elementor-drop-cap{margin-top:8px}.elementor-widget-text-editor:not(.elementor-drop-cap-view-default) .elementor-drop-cap-letter{width:1em;height:1em}.elementor-widget-text-editor .elementor-drop-cap{float:left;text-align:center;line-height:1;font-size:50px}.elementor-widget-text-editor .elementor-drop-cap-letter{display:inline-block}<\/style>\t\t\t\t<h6><strong>Hemat\u00f3logo Cl\u00ednico<\/strong><\/h6><ul><li>Tel\u00e9fono: 2850032 \u2013 M\u00f3vil: 0998080799<\/li><li>Casilla: 09.01.740<\/li><\/ul>\t\t\t\t\t\t<\/div>\n\t\t\t\t<\/div>\n\t\t\t\t\t<\/div>\n\t\t<\/div>\n\t\t\t\t\t\t\t<\/div>\n\t\t<\/section>\n\t\t\t\t<section class=\"elementor-section elementor-top-section elementor-element elementor-element-f8e8367 elementor-section-boxed elementor-section-height-default elementor-section-height-default\" data-id=\"f8e8367\" data-element_type=\"section\">\n\t\t\t\t\t\t<div class=\"elementor-container elementor-column-gap-default\">\n\t\t\t\t\t<div class=\"elementor-column elementor-col-100 elementor-top-column elementor-element elementor-element-37af1ee\" data-id=\"37af1ee\" data-element_type=\"column\">\n\t\t\t<div class=\"elementor-widget-wrap elementor-element-populated\">\n\t\t\t\t\t\t\t\t<div class=\"elementor-element elementor-element-1a8f689 elementor-widget elementor-widget-heading\" data-id=\"1a8f689\" data-element_type=\"widget\" data-widget_type=\"heading.default\">\n\t\t\t\t<div class=\"elementor-widget-container\">\n\t\t\t<h3 class=\"elementor-heading-title elementor-size-default\">Experiencia Laboral<\/h3>\t\t<\/div>\n\t\t\t\t<\/div>\n\t\t\t\t<div class=\"elementor-element elementor-element-707622b elementor-widget elementor-widget-text-editor\" data-id=\"707622b\" data-element_type=\"widget\" data-widget_type=\"text-editor.default\">\n\t\t\t\t<div class=\"elementor-widget-container\">\n\t\t\t\t\t\t\t<ul><li><strong>Sociedad Ecuatoriana de Hematolog\u00eda. Cap\u00edtulo Guayas.<\/strong><br \/>Presidente actual<\/li><li><strong>Celalcivar<\/strong><br \/>Director T\u00e9cnico \u2013 Feb\/ 12-actual.<\/li><li><strong>Hospital Regional del Seguro Social Teodoro Maldonado Carbo<\/strong><br \/>M\u00e9dico Especialista Hemat\u00f3logo Cl\u00ednico. Abr\/04 \u2013 actual<\/li><li><strong>Hospital Luis Vernaza<\/strong><br \/>M\u00e9dico Especialista Hemat\u00f3logo \u2013 Abril \/08- Abril\/10<\/li><li><strong> Banco de C\u00e9lulas Madres<\/strong><br \/>Hospital Alc\u00edvar \u2013 Director T\u00e9cnico. 0ct\/06 \u2013 0ct\/08<\/li><li><strong>Universidad Cat\u00f3lica Santiago de Guayaquil<\/strong><br \/>Profesor de la C\u00e1tedra de Hematolog\u00eda. Ene\/07 \u2013 actual<\/li><li><strong>Hospital Naval Guayaquil<\/strong><br \/>M\u00e9dico Especialista Hemat\u00f3logo Cl\u00ednico. 0ct\/04 \u2013 Feb\/08<\/li><li><strong>Centro Hospital Universitario Henrl Mondor. Crete\u00edl \u2013 Francia<\/strong><br \/>M\u00e9dico Investigador del Protocolo NEOVASTAT.<br \/>Mieloma M\u00faltiple. Abr\/01 \u2013 May\/03<\/li><li><strong>Centro Hospital Universitario Pifi\u00e9 Salpetriere. Par\u00eds \u2013 Francia<\/strong><br \/>M\u00e9dico Residente Becario del Colegio de M\u00e9dicos de Par\u00eds<br \/>Servicio de Hematolog\u00eda Biol\u00f3gica \u2013 Citol\u00f3gica<br \/>Servicio de la Prof. Helene Merie Beral. Nov\/99 \u2013 Oct\/OO<\/li><li><strong>Centro Hospital Universitario Saint Antoine. Par\u00eds \u2013 Francia<\/strong><br \/>M\u00e9dico Residente<br \/>Servicio de Hematolog\u00eda Cl\u00ednica<br \/>Servicio del Prof. Albert Najman. May\/99 \u2013 Oct\/99<\/li><li><strong>Centro Hospital Universitario Pltl\u00e9 Salpetriere Par\u00eds \u2013 Francia<\/strong><br \/>M\u00e9dico Residente<br \/>Servicio de Hematct\u00f3g\u00edo Clinico<br \/>Servicio del Prof, Jean Paul Vernant. Nov\/97 \u2013 Abril\/99<\/li><li><strong>Hospital Esquirol. Paris \u2013 Francia<\/strong><br \/>M\u00e9dico Conferencista de la Escuela de Enfermer\u00eda<br \/>Ene \u2013 feb\/01. Jun\/01 y Jun\/02<\/li><li><strong>Fundaci\u00f3n Madre Dolorosa del Colegio Javier (FASMAD). Guayaquil<\/strong><br \/>M\u00e9dico de Dispensario<br \/>Medicina General. Ago\/93- Ago\/97<\/li><li><strong>Ministerio de Salud P\u00fablica Subcentro de Salud Prosperina<\/strong><br \/>Guayaquil<br \/>M\u00e9dico<br \/>Medicino Rural. 1992 \u2013 1993<\/li><li><strong>Hospital Regional del Seguro Social Teodoro Maldonado Carbo.<\/strong><br \/>Guayaquil<br \/>Rotaci\u00f3n en Servicios de Medicina Interna. Cirug\u00eda. Ginecologie<br \/>Ciclo de internado. T991 \u2013 1992<\/li><li><strong>Hospital de Ni\u00f1os Alejandro Mann. Guayaquil<\/strong><br \/>Rotaci\u00f3n en Servicio de Pediatria<br \/>Ciclo de internado. 1992 \u2013 1992<\/li><\/ul>\t\t\t\t\t\t<\/div>\n\t\t\t\t<\/div>\n\t\t\t\t\t<\/div>\n\t\t<\/div>\n\t\t\t\t\t\t\t<\/div>\n\t\t<\/section>\n\t\t\t\t<section class=\"elementor-section elementor-top-section elementor-element elementor-element-97264fa elementor-section-boxed elementor-section-height-default elementor-section-height-default\" data-id=\"97264fa\" data-element_type=\"section\">\n\t\t\t\t\t\t<div class=\"elementor-container elementor-column-gap-default\">\n\t\t\t\t\t<div class=\"elementor-column elementor-col-100 elementor-top-column elementor-element elementor-element-af90a09\" data-id=\"af90a09\" data-element_type=\"column\">\n\t\t\t<div class=\"elementor-widget-wrap elementor-element-populated\">\n\t\t\t\t\t\t\t\t<div class=\"elementor-element elementor-element-7ee0989 elementor-widget elementor-widget-heading\" data-id=\"7ee0989\" data-element_type=\"widget\" data-widget_type=\"heading.default\">\n\t\t\t\t<div class=\"elementor-widget-container\">\n\t\t\t<h3 class=\"elementor-heading-title elementor-size-default\">Investigaciones Realizadas<\/h3>\t\t<\/div>\n\t\t\t\t<\/div>\n\t\t\t\t<div class=\"elementor-element elementor-element-dbb561d elementor-widget elementor-widget-text-editor\" data-id=\"dbb561d\" data-element_type=\"widget\" data-widget_type=\"text-editor.default\">\n\t\t\t\t<div class=\"elementor-widget-container\">\n\t\t\t\t\t\t\t<ul><li><strong>Protocolo Mablhero Subcut\u00e1neo MG4555<\/strong><br \/>Guayaquil \u2013 Ecuador<br \/>Investigador Principal<br \/>Servicio de Hematolog\u00eda. Hospital Regional del IESS. Actual<\/li><li><strong>Protocolo Antiioma Fose III en LMA secundarla. Uso de Amonaflda.<\/strong><br \/>Guayaquil \u2013 Ecuador<br \/>Investigador Principal<br \/>Servicio de Hematolog\u00eda. Hospital Regional del IESS. 2011<\/li><li><strong>Protocolo MAIN. Roche. Guayaquil \u2013 Ecuador<\/strong><br \/>Co-investigador<br \/>Servicio de Hematolog\u00eda. Hospital Regional del IESS. 2011<\/li><li><strong>Protocolo Linfoma Folicular Mantenimiento. Guayaquil \u2013 Ecuador<\/strong><br \/>Co-investigador<br \/>Servicio de Hematolog\u00eda Hospital Regional del IESS. 2011<\/li><li><strong>Centro Hospital Universitario Henri Mondor. Creteil \u2013 Francia<\/strong><br \/>M\u00e9dico Asistente del Servicio de Hematolog\u00eda Cl\u00ednica.<br \/>Servicio del Prof. F\u00e9lix Reyes. Nov\/00 \u2013 May\/03<\/li><li><strong>Centro Hospital Universitario Henrl Mondor. Cretell \u2013 Francia<\/strong><br \/>M\u00e9dico Investigador dei Protocolo MABTHERA<br \/>Grupo de linternas del Adulto. Nov\/00 \u2013 May\/03<\/li><li><strong>Centro Hospital Universitario Henrl Mondor. Creteil \u2013 Francia<\/strong><br \/>M\u00e9dico Investigador dei Protocolo INF \u2013 MABTHERA GElA<br \/>linfoma Folicular. Nov\/OO \u2013 May\/03<\/li><li><strong>Centro Hospital Universitario Pltl\u00e9 Salpetrlere. Par\u00eds \u2013 Francia<\/strong><br \/>M\u00e9dico investigador del Protoco\u00edo FlUDA \u2013 EXODAN.<br \/>Leucemia linfocitica Cr\u00f3nico. Nov\/00 \u2013 May\/03<\/li><li><strong>Centro HospHal Universitario Pille Solpotrlere. Par\u00eds \u2013 Francia<\/strong><br \/>M\u00e9dico investigador del Protocolo CAMPATH<br \/>Leucemia Linfocitica Cr\u00f3nica. 1998<\/li><\/ul>\t\t\t\t\t\t<\/div>\n\t\t\t\t<\/div>\n\t\t\t\t\t<\/div>\n\t\t<\/div>\n\t\t\t\t\t\t\t<\/div>\n\t\t<\/section>\n\t\t\t\t<section class=\"elementor-section elementor-top-section elementor-element elementor-element-1f0bf51 elementor-section-boxed elementor-section-height-default elementor-section-height-default\" data-id=\"1f0bf51\" data-element_type=\"section\">\n\t\t\t\t\t\t<div class=\"elementor-container elementor-column-gap-default\">\n\t\t\t\t\t<div class=\"elementor-column elementor-col-100 elementor-top-column elementor-element elementor-element-34a5d1e\" data-id=\"34a5d1e\" data-element_type=\"column\">\n\t\t\t<div class=\"elementor-widget-wrap elementor-element-populated\">\n\t\t\t\t\t\t\t\t<div class=\"elementor-element elementor-element-2a02f12 elementor-widget elementor-widget-heading\" data-id=\"2a02f12\" data-element_type=\"widget\" data-widget_type=\"heading.default\">\n\t\t\t\t<div class=\"elementor-widget-container\">\n\t\t\t<h3 class=\"elementor-heading-title elementor-size-default\">Publicaciones Realizadas<\/h3>\t\t<\/div>\n\t\t\t\t<\/div>\n\t\t\t\t<div class=\"elementor-element elementor-element-dbafb08 elementor-widget elementor-widget-text-editor\" data-id=\"dbafb08\" data-element_type=\"widget\" data-widget_type=\"text-editor.default\">\n\t\t\t\t<div class=\"elementor-widget-container\">\n\t\t\t\t\t\t\t<ul><li><strong>Centro Hospital Universitario Piti\u00e9 Salpetrlere. Par\u00eds \u2013 Francia<\/strong><br \/>Helicobacter Pilor\u00ed y linfomas<br \/>Revista Viral. Jun\/98<\/li><li><strong>Hospital Alcivar<\/strong><br \/>Teropia de Untemos con Anticuerpos Mononucleares<br \/>Revista Actos M\u00e9dicas. 0ct\/06<\/li><li><strong>Hospital Teodoro Moldonado Carbo del IESS.<\/strong><br \/>Uso de la Globulina Antitimocitiva en Pacientes con Aplasia Medular<br \/>Revista M\u00e9dica del IESS. Sep\/06<\/li><\/ul>\t\t\t\t\t\t<\/div>\n\t\t\t\t<\/div>\n\t\t\t\t\t<\/div>\n\t\t<\/div>\n\t\t\t\t\t\t\t<\/div>\n\t\t<\/section>\n\t\t\t\t<section class=\"elementor-section elementor-top-section elementor-element elementor-element-750dda3 elementor-section-boxed elementor-section-height-default elementor-section-height-default\" data-id=\"750dda3\" data-element_type=\"section\">\n\t\t\t\t\t\t<div class=\"elementor-container elementor-column-gap-default\">\n\t\t\t\t\t<div class=\"elementor-column elementor-col-100 elementor-top-column elementor-element elementor-element-5180a9f\" data-id=\"5180a9f\" data-element_type=\"column\">\n\t\t\t<div class=\"elementor-widget-wrap elementor-element-populated\">\n\t\t\t\t\t\t\t\t<div class=\"elementor-element elementor-element-91865a2 elementor-widget elementor-widget-heading\" data-id=\"91865a2\" data-element_type=\"widget\" data-widget_type=\"heading.default\">\n\t\t\t\t<div class=\"elementor-widget-container\">\n\t\t\t<h3 class=\"elementor-heading-title elementor-size-default\">Conferencias Dictadas<\/h3>\t\t<\/div>\n\t\t\t\t<\/div>\n\t\t\t\t<div class=\"elementor-element elementor-element-df77bf9 elementor-widget elementor-widget-text-editor\" data-id=\"df77bf9\" data-element_type=\"widget\" data-widget_type=\"text-editor.default\">\n\t\t\t\t<div class=\"elementor-widget-container\">\n\t\t\t\t\t\t\t<ul><li><strong>X Congreso Internacional de Medicina y Especialidades Kennedy.<\/strong><br \/>Tema: Diagn\u00f3stico y Terapia Actual de linfoma de Manto<br \/>Jul\/2013<\/li><li><strong> Terapia de Mantenimiento de Mieloma M\u00faltiple.<\/strong><br \/>Hotel Hilton Col\u00f3n. Jun\/2013<\/li><li><strong> Charla sobre enfoque de pacientes con odenopatias<\/strong><br \/>Dispensario VotdMa dei IESS. Jun\/2013<\/li><li><strong> Charla sobre Bio similar es versos Biol\u00f3gicos.<\/strong><br \/>Hospital Naval. May\/2013<\/li><li><strong> Enfoque dei Paciente Neutrop\u00e9nico.<\/strong><br \/>Hospital Naval. May\/2013<\/li><li><strong>I Congreso d\u00e9 Hematolog\u00eda Actualizaciones de Diagn\u00f3stico y<\/strong><br \/>Terap\u00e9utico Post ASH 2013.<br \/>Tema: Transplante de Cord\u00f3n Umbilical. Avance Terap\u00e9utico.<br \/>Abr\/2013<\/li><li><strong>VII Jornadas M\u00e9dicas. II Encuentro de Especialidades de A.M.P.A..S.S., Universidad Cat\u00f3lica y Colegio de M\u00e9dicos del Guayas.<\/strong><br \/>Tema: Importancia de la Imunoh\u00edstoquimica en Patotog\u00edas<br \/>0ct\/07<\/li><li><strong>XXVI Curso Internacional de Post Grado y Actualizaci\u00f3n en Ginecolog\u00eda y Obstetricia.<\/strong><br \/>Tema: Actualidad en C\u00e9lulas Madres de Card\u00f3n Umbilical<\/li><\/ul><p>Jun\/07<\/p><ul><li><strong>VI Jornadas M\u00e9dicas. II Encuentro de Especialidades de A.M.P.A.S.S.<\/strong><br \/>Universidad Cat\u00f3lica y Colegio de M\u00e9dicos del Guayas.<br \/>Tema: Aplicaci\u00f3n de C\u00e9lulas Madres de Cord\u00f3n Umbilical.<br \/>Oci\/05<\/li><li><strong>V Jornadas M\u00e9dicas, II Encuentro de Especialidades de A.M.P.A.S.S.<\/strong><br \/>Universidad Cat\u00f3lica y Colegio de M\u00e9dicos del Guayas.<br \/>Tema: Inmunot\u00e9rap\u00eda en Linfomas No Hodgkin.<br \/>Oct\/05<\/li><li><strong>II Congreso de Sanidad Naval y I Congreso de Pediatr\u00eda.<\/strong><br \/>Tema: Anemias en Pediatr\u00eda<br \/>Nov\/04<\/li><li><strong>XII Jornadas M\u00e9dicos Navales de cirug\u00eda Pl\u00e1stica y Reconstructiva y I Jornada M\u00e9dica Naval de Epidemiolog\u00eda y Medicina Preventiva. I Congreso Internacional de Sanidad Naval.<\/strong><br \/>Tema: Terapia actual en leucemia Aguda<br \/>Nov\/03<\/li><\/ul>\t\t\t\t\t\t<\/div>\n\t\t\t\t<\/div>\n\t\t\t\t\t<\/div>\n\t\t<\/div>\n\t\t\t\t\t\t\t<\/div>\n\t\t<\/section>\n\t\t\t\t<section class=\"elementor-section elementor-top-section elementor-element elementor-element-11e1e49 elementor-section-boxed elementor-section-height-default elementor-section-height-default\" data-id=\"11e1e49\" data-element_type=\"section\">\n\t\t\t\t\t\t<div class=\"elementor-container elementor-column-gap-default\">\n\t\t\t\t\t<div class=\"elementor-column elementor-col-100 elementor-top-column elementor-element elementor-element-be3a8ae\" data-id=\"be3a8ae\" data-element_type=\"column\">\n\t\t\t<div class=\"elementor-widget-wrap elementor-element-populated\">\n\t\t\t\t\t\t\t\t<div class=\"elementor-element elementor-element-0af9dcf elementor-widget elementor-widget-heading\" data-id=\"0af9dcf\" data-element_type=\"widget\" data-widget_type=\"heading.default\">\n\t\t\t\t<div class=\"elementor-widget-container\">\n\t\t\t<h3 class=\"elementor-heading-title elementor-size-default\">Educacion Postgrado<\/h3>\t\t<\/div>\n\t\t\t\t<\/div>\n\t\t\t\t<div class=\"elementor-element elementor-element-5de8737 elementor-widget elementor-widget-text-editor\" data-id=\"5de8737\" data-element_type=\"widget\" data-widget_type=\"text-editor.default\">\n\t\t\t\t<div class=\"elementor-widget-container\">\n\t\t\t\t\t\t\t<ul><li><strong>Diploma de lnfecciones en Hemato-Onco logia. Paris XII.<\/strong><br \/>Nov\/01 \u2013 Jun-02<\/li><li><strong>Diploma en Medicina Cl\u00ednica y Terapia. Par\u00eds VI.<\/strong><br \/>Nov\/00 \u2013 Oct\/01<\/li><li><strong>Diploma del Colegio de M\u00e9dicos de Par\u00eds.<\/strong><br \/>M\u00e9dico Residente Extranjero. Nov\/99 \u2013 Oct\/00<\/li><li><strong>Diploma Universitario de hematolog\u00eda. Par\u00eds VI.<\/strong><br \/>Nov\/98 \u2013 OCt\/99<\/li><\/ul>\t\t\t\t\t\t<\/div>\n\t\t\t\t<\/div>\n\t\t\t\t\t<\/div>\n\t\t<\/div>\n\t\t\t\t\t\t\t<\/div>\n\t\t<\/section>\n\t\t\t\t<section class=\"elementor-section elementor-top-section elementor-element elementor-element-fb9eb49 elementor-section-boxed elementor-section-height-default elementor-section-height-default\" data-id=\"fb9eb49\" data-element_type=\"section\">\n\t\t\t\t\t\t<div class=\"elementor-container elementor-column-gap-default\">\n\t\t\t\t\t<div class=\"elementor-column elementor-col-100 elementor-top-column elementor-element elementor-element-93c3f86\" data-id=\"93c3f86\" data-element_type=\"column\">\n\t\t\t<div class=\"elementor-widget-wrap elementor-element-populated\">\n\t\t\t\t\t\t\t\t<div class=\"elementor-element elementor-element-4d426e8 elementor-widget elementor-widget-heading\" data-id=\"4d426e8\" data-element_type=\"widget\" data-widget_type=\"heading.default\">\n\t\t\t\t<div class=\"elementor-widget-container\">\n\t\t\t<h3 class=\"elementor-heading-title elementor-size-default\">Superior<\/h3>\t\t<\/div>\n\t\t\t\t<\/div>\n\t\t\t\t<div class=\"elementor-element elementor-element-cf99f42 elementor-widget elementor-widget-text-editor\" data-id=\"cf99f42\" data-element_type=\"widget\" data-widget_type=\"text-editor.default\">\n\t\t\t\t<div class=\"elementor-widget-container\">\n\t\t\t\t\t\t\t<ul><li><strong>Universidad Cat\u00f3lica Santiago de Guayaquil<\/strong><br \/>Doctoren Medicina y Cirug\u00eda<br \/>Tesis de Grado; Punci\u00f3n Evacuatriz de Quistes- de Ovarios<\/li><\/ul>\t\t\t\t\t\t<\/div>\n\t\t\t\t<\/div>\n\t\t\t\t\t<\/div>\n\t\t<\/div>\n\t\t\t\t\t\t\t<\/div>\n\t\t<\/section>\n\t\t\t\t<section class=\"elementor-section elementor-top-section elementor-element elementor-element-bc1cc7c elementor-section-boxed elementor-section-height-default elementor-section-height-default\" data-id=\"bc1cc7c\" data-element_type=\"section\">\n\t\t\t\t\t\t<div class=\"elementor-container elementor-column-gap-default\">\n\t\t\t\t\t<div class=\"elementor-column elementor-col-100 elementor-top-column elementor-element elementor-element-56b4e57\" data-id=\"56b4e57\" data-element_type=\"column\">\n\t\t\t<div class=\"elementor-widget-wrap elementor-element-populated\">\n\t\t\t\t\t\t\t\t<div class=\"elementor-element elementor-element-1787a7d elementor-widget elementor-widget-heading\" data-id=\"1787a7d\" data-element_type=\"widget\" data-widget_type=\"heading.default\">\n\t\t\t\t<div class=\"elementor-widget-container\">\n\t\t\t<h3 class=\"elementor-heading-title elementor-size-default\">Congresos Asistidos<\/h3>\t\t<\/div>\n\t\t\t\t<\/div>\n\t\t\t\t<div class=\"elementor-element elementor-element-aa738ea elementor-widget elementor-widget-text-editor\" data-id=\"aa738ea\" data-element_type=\"widget\" data-widget_type=\"text-editor.default\">\n\t\t\t\t<div class=\"elementor-widget-container\">\n\t\t\t\t\t\t\t<ul><li><strong>Grupo Latinoamericano d\u00e9 Leucemia Mieloide Cr\u00f3nica<\/strong><br \/>Panam\u00e1. Abr\/2013<\/li><li><strong>Terapia Actual para P\u00farpura Trombocitop\u00e9n\u00edca Inmunal\u00f3gica<\/strong><br \/>M\u00e9xico. Mar\/2013<\/li><li><strong>American Society ot Hematology.<\/strong><br \/>2010-2012<\/li><li><strong>Lynnphoma- Mielarna<\/strong><br \/>2010-2012<\/li><li><strong>Congreso de la Sociedad Eiwopea de Hematolog\u00eda<\/strong><br \/>Barcelona Jun\/10<\/li><li><strong>American Society o1 Hemotology<\/strong><br \/>New Orleans. Dic\/09<\/li><li><strong>Lynphoma &amp; Myeloma 2009<\/strong><br \/>New York, 0ct\/09<\/li><li><strong> Congreso Internacional de Hemastasia y Trombosis.<\/strong><br \/>Boston. Jul\/09<\/li><li><strong> Congreso de 3a sociedad Francesa de Hematolog\u00eda<\/strong><br \/>CNIT, La Defense. Par\u00eds Mar\/ 09.<\/li><li><strong>American Society o\u00ed Hematology<\/strong><br \/>San Francisco Dic\/08<\/li><li><strong>Lynphoma &amp;. Myeloma 2008<\/strong><br \/>New York<\/li><\/ul>\t\t\t\t\t\t<\/div>\n\t\t\t\t<\/div>\n\t\t\t\t\t<\/div>\n\t\t<\/div>\n\t\t\t\t\t\t\t<\/div>\n\t\t<\/section>\n\t\t\t\t\t\t\t<\/div>\n\t\t","protected":false},"excerpt":{"rendered":"<p>Dr. Carlos Freire Alprecht Hemat\u00f3logo Cl\u00ednico Tel\u00e9fono: 2850032 \u2013 M\u00f3vil: 0998080799 Casilla: 09.01.740 Experiencia Laboral Sociedad Ecuatoriana de Hematolog\u00eda. Cap\u00edtulo [&hellip;]<\/p>\n","protected":false},"author":1,"featured_media":0,"parent":0,"menu_order":0,"comment_status":"closed","ping_status":"closed","template":"elementor_header_footer","meta":{"footnotes":""},"class_list":["post-225","page","type-page","status-publish","hentry"],"_links":{"self":[{"href":"https:\/\/oncohem.com.ec\/index.php\/wp-json\/wp\/v2\/pages\/225","targetHints":{"allow":["GET"]}}],"collection":[{"href":"https:\/\/oncohem.com.ec\/index.php\/wp-json\/wp\/v2\/pages"}],"about":[{"href":"https:\/\/oncohem.com.ec\/index.php\/wp-json\/wp\/v2\/types\/page"}],"author":[{"embeddable":true,"href":"https:\/\/oncohem.com.ec\/index.php\/wp-json\/wp\/v2\/users\/1"}],"replies":[{"embeddable":true,"href":"https:\/\/oncohem.com.ec\/index.php\/wp-json\/wp\/v2\/comments?post=225"}],"version-history":[{"count":6,"href":"https:\/\/oncohem.com.ec\/index.php\/wp-json\/wp\/v2\/pages\/225\/revisions"}],"predecessor-version":[{"id":576,"href":"https:\/\/oncohem.com.ec\/index.php\/wp-json\/wp\/v2\/pages\/225\/revisions\/576"}],"wp:attachment":[{"href":"https:\/\/oncohem.com.ec\/index.php\/wp-json\/wp\/v2\/media?parent=225"}],"curies":[{"name":"wp","href":"https:\/\/api.w.org\/{rel}","templated":true}]}}